{"id":97,"date":"2024-12-14T19:14:16","date_gmt":"2024-12-15T00:14:16","guid":{"rendered":"https:\/\/petrusipavel.org\/?p=97"},"modified":"2026-04-30T21:54:36","modified_gmt":"2026-05-01T01:54:36","slug":"horaire","status":"publish","type":"page","link":"https:\/\/petrusipavel.org\/index.php\/fr\/horaire\/","title":{"rendered":"Horaire"},"content":{"rendered":"\n<h2 class=\"wp-block-heading has-medium-font-size\">La Divine Liturgie a lieu tous les dimanches \u00e0 partir de 9h00<\/h2>\n\n\n\n<p>Les f\u00eates religieuses pendant la semaine sont c\u00e9l\u00e9br\u00e9es soit le jour m\u00eame, soit le dimanche le plus proche.<\/p>\n\n\n\n<p><strong>Mai 2026<\/strong><\/p>\n\n\n\n<figure class=\"wp-block-table is-style-regular has-small-font-size\"><table><tbody><tr><td> \n   \t  <h3>Date<\/h3>        <\/td><td> \n   \t  <h3>La f\u00eate religieuse<\/h3>        <\/td><td> \n        \t<h3>La Messe<\/h3>        <\/td><td>\n        \t<h3>L&#8217;heure<\/h3>        <\/td><td>\n        <h3>Le(a) conseiller(e)<\/h3>        <\/td><td><h3>Notes<\/h3><\/td><\/tr><tr><td>Dimanche,    le 3 mai<\/td><td><strong><mark style=\"background-color:rgba(0, 0, 0, 0)\" class=\"has-inline-color has-vivid-red-color\">4\u00e8me Dimanche de P\u00e2ques<\/mark><\/strong> (du Paralytique); Ap. Actes IX, 32-42; Ev. Jean V, 1-15; ton 3, exap. 5 <strong><mark style=\"background-color:rgba(0, 0, 0, 0)\" class=\"has-inline-color has-vivid-red-color\">\u2020) V\u00e9n. Irodion de Lainici; Sts mrts Timoth\u00e9e et son \u00e9pouse Maure; Sts mrts Diodore et Rhodopien le diacre<\/mark><\/strong><\/td><td>La Divine    Liturgie<\/td><td>9:00<\/td><td>Alina    Stoicescu<br>\n        Lucia Panoria Nicolau<\/td><td>&nbsp;<\/td><\/tr><tr><td>Dimanche, le 10 mai<\/td><td><strong><mark style=\"background-color:rgba(0, 0, 0, 0)\" class=\"has-inline-color has-vivid-red-color\">5\u00e8me Dimanche de P\u00e2ques<\/mark><\/strong> (de la Samaritaine); Ap. Actes XI, 19-30; Ev. Jean IV, 5-42; ton 4, exap. 7 <strong><mark style=\"background-color:rgba(0, 0, 0, 0)\" class=\"has-inline-color has-vivid-red-color\">St Ap. Simon le Z\u00e9lote; V\u00e9n. H\u00e9sychius et Laurent; Ste Solange, mrt. \u00e0 Bourges<\/mark><\/strong><\/td><td>La    Divine Liturgie<\/td><td>9:00<\/td><td>Mariana    Crisciuc<br>\n        Madi Siriac<\/td><td>&nbsp;<\/td><\/tr><tr><td>Dimanche, le 17 mai<\/td><td><strong><mark style=\"background-color:rgba(0, 0, 0, 0)\" class=\"has-inline-color has-vivid-red-color\">6\u00e8me Dimanche de P\u00e2ques<\/mark><\/strong> (de l\u2019Aveugle-n\u00e9); Ap. Fapte XXVI, 1; 12-20; Actes XVI, 16-34; Ev. Ioan X, 1-9; Jean IX, 1-38; ton 5, exap. 8<strong><mark style=\"background-color:rgba(0, 0, 0, 0)\" class=\"has-inline-color has-vivid-red-color\"> Sts mrts Andronique et Junia; V\u00e9n. P\u00e8res Nectaire et Th\u00e9ophane; St mrt. Tropez<\/mark><\/strong><\/td><td>La    Divine Liturgie<\/td><td>9:00<\/td><td>Eleonora    Pop<br>\n        Liliana Farag<\/td><td>&nbsp;<\/td><\/tr><tr><td>Mercredi, le 20 mai<\/td><td>(<strong><mark style=\"background-color:rgba(0, 0, 0, 0)\" class=\"has-inline-color has-vivid-red-color\">\u2020)Ascension du Seigneur; Comm\u00e9moration des H\u00e9roes; \u2020) St empereur Constantin le Grand et sa m\u00e8re H\u00e9l\u00e8ne Cl\u00f4ture de la mi-Pentec\u00f4te;<\/mark><\/strong><\/td><td>Acathiste<\/td><td>19:00<\/td><td>&nbsp;<\/td><td>&nbsp;<\/td><\/tr><tr><td>Dimanche, le 24 mai<\/td><td><strong><mark style=\"background-color:rgba(0, 0, 0, 0)\" class=\"has-inline-color has-vivid-red-color\">7\u00e8me Dimanche de P\u00e2ques<\/mark><\/strong> (des Sts P\u00e8res du 1er Concile oecum\u00e9nique); Ap. Actes XX, 16-18; 28-36; Ev. Jean XVII, 1-13; ton 6, exap. 10 <strong><mark style=\"background-color:rgba(0, 0, 0, 0)\" class=\"has-inline-color has-vivid-red-color\">St Sym\u00e9on le stylite; Sts mrts S\u00e9rapion et Marcienne; St Vincent, moine de L\u00e9rins<\/mark><\/strong><\/td><td>La    Divine Liturgie<\/td><td>9:00<\/td><td>Ilie    Radu Mitric<br>\n        Oana Rusu<\/td><td>&nbsp;<\/td><\/tr><tr><td>Samedi, le 30 mai<\/td><td>V\u00e9n.    P\u00e8re Isaac; V\u00e9n. Barlaam; St mrt. Natalios; St Venance, ermite \u00e0 L\u00e9rins<\/td><td>Comm\u00e9moration    des d\u00e9funts<\/td><td>10:00<\/td><td>&nbsp;<\/td><td>Comm\u00e9moration    des d\u00e9funts<\/td><\/tr><tr><td>Dimanche, le 31 mai<\/td><td><strong><mark style=\"background-color:rgba(0, 0, 0, 0)\" class=\"has-inline-color has-vivid-red-color\">8\u00e8me Dimanche de P\u00e2ques<\/mark><\/strong> (de la Pentec\u00f4te;&nbsp; Ap. Actes II, 1-11; Ev. Jean VII, 37-53; VIII, 12 <mark style=\"background-color:rgba(0, 0, 0, 0)\" class=\"has-inline-color has-vivid-red-color\">(\u2020) Descente du Saint Esprit<\/mark><\/td><td>La    Divine Liturgie<\/td><td>9:00<\/td><td>Ion-Alin    Toader<\/td><td>&nbsp;<\/td><\/tr><tr><td>Dimanche, le 31 mai<\/td><td><strong><mark style=\"background-color:rgba(0, 0, 0, 0)\" class=\"has-inline-color has-vivid-red-color\">(\u2020) La Sainte Trinit\u00e9<\/mark><\/strong><\/td><td>Acathiste<\/td><td>19:00<\/td><td>&nbsp;<\/td><td>&nbsp;<\/td><\/tr><\/tbody><\/table><\/figure>\n\n\n\n<p><\/p>\n","protected":false},"excerpt":{"rendered":"<p>La Divine Liturgie a lieu tous les dimanches \u00e0 partir de 9h00 Les f\u00eates religieuses pendant la semaine sont c\u00e9l\u00e9br\u00e9es soit le jour m\u00eame, soit le dimanche le plus proche. Mai 2026 Date La f\u00eate religieuse La Messe L&#8217;heure Le(a)&#8230; <a href=\"https:\/\/petrusipavel.org\/index.php\/fr\/horaire\/\" class=\"readmore\">Read more<span class=\"screen-reader-text\">Horaire<\/span><span class=\"fa fa-angle-double-right\" aria-hidden=\"true\"><\/span><\/a><\/p>\n","protected":false},"author":1,"featured_media":0,"parent":0,"menu_order":0,"comment_status":"closed","ping_status":"open","template":"","meta":{"footnotes":""},"class_list":["post-97","page","type-page","status-publish","hentry"],"_links":{"self":[{"href":"https:\/\/petrusipavel.org\/index.php\/wp-json\/wp\/v2\/pages\/97","targetHints":{"allow":["GET"]}}],"collection":[{"href":"https:\/\/petrusipavel.org\/index.php\/wp-json\/wp\/v2\/pages"}],"about":[{"href":"https:\/\/petrusipavel.org\/index.php\/wp-json\/wp\/v2\/types\/page"}],"author":[{"embeddable":true,"href":"https:\/\/petrusipavel.org\/index.php\/wp-json\/wp\/v2\/users\/1"}],"replies":[{"embeddable":true,"href":"https:\/\/petrusipavel.org\/index.php\/wp-json\/wp\/v2\/comments?post=97"}],"version-history":[{"count":68,"href":"https:\/\/petrusipavel.org\/index.php\/wp-json\/wp\/v2\/pages\/97\/revisions"}],"predecessor-version":[{"id":486,"href":"https:\/\/petrusipavel.org\/index.php\/wp-json\/wp\/v2\/pages\/97\/revisions\/486"}],"wp:attachment":[{"href":"https:\/\/petrusipavel.org\/index.php\/wp-json\/wp\/v2\/media?parent=97"}],"curies":[{"name":"wp","href":"https:\/\/api.w.org\/{rel}","templated":true}]}}